{"id":17122,"date":"2023-10-17T06:28:21","date_gmt":"2023-10-17T06:28:21","guid":{"rendered":"https:\/\/solarmoov.com\/product\/mehrzweck-fahrradanhaenger-kern"},"modified":"2024-06-27T13:58:24","modified_gmt":"2024-06-27T13:58:24","slug":"mehrzweck-fahrradanhaenger-kern","status":"publish","type":"product","link":"https:\/\/solarmoov.com\/de\/produkt\/mehrzweck-fahrradanhaenger-kern","title":{"rendered":"Mehrzweck-Fahrradanh\u00e4nger Kern"},"content":{"rendered":"<p>Mehrzweckanh\u00e4nger, der f\u00fcr die meisten Radachsengr\u00f6\u00dfen und -typen im Fahrradbereich geeignet ist. Mit Schl\u00fcssel abschlie\u00dfbar (2 Schl\u00fcssel werden mitgeliefert).<\/p>\n<p><strong>Zwei Arten von Fahrradbefestigungen sind m\u00f6glich (w\u00e4hlen Sie bei der Bestellung):<\/strong><\/p>\n<ol>\n<li>Durch eine Deichsel, die an der Hinterradachse des Fahrrads befestigt wird. Die Standardbefestigung wird mit einem 5-mm-Durchsteckstift geliefert, der durch den originalen Standard-Schnellspannstift ersetzt werden muss. Wenn Ihre Achse nicht mit einer Standard-Schnellspannachse ausgestattet ist, wenden Sie sich bitte an den Shop, um die richtige Option f\u00fcr Ihr Fahrrad auszuw\u00e4hlen. Zwei Arten der Verschraubung sind je nach Bedarf m\u00f6glich: mit manipulationssicherer Schraube oder mit werkzeuglosem Spanngriff (beide Arten sind im Lieferumfang enthalten).<\/li>\n<li>Durch eine Deichsel, die an der Sattelst\u00fctze des Fahrrads befestigt wird. Es werden drei Gr\u00f6\u00dfen angeboten, die Sie bei der Bestellung ausw\u00e4hlen k\u00f6nnen und die den meisten handels\u00fcblichen Sch\u00e4ften entsprechen: 27,2 mm, 30,9 mm, 31,6 mm.<\/li>\n<\/ol>\n<p>Es besteht die M\u00f6glichkeit, beide Deichseln als separate Teile zu bestellen, wenn Sie den Anh\u00e4nger an beide Arten von Kupplungen anpassen m\u00f6chten (in wenigen Minuten austauschbar).<\/p>\n<p><strong>Ein hochwertiges 20&#8243;-Rad<\/strong>. Es werden zwei Arten von R\u00e4dern angeboten (bei der Bestellung auszuw\u00e4hlen):<\/p>\n<ol>\n<li>20&#8243; Magnesium-Stockrad, Schnellspannnabe, geeignet f\u00fcr Scheibenbremsen<\/li>\n<li>20&#8243; doppelwandiges Aluminium-Remerx-Speichenrad mit \u00d6sen (motorisierbar), geeignet f\u00fcr Scheibenbremsen<\/li>\n<\/ol>\n<p><strong>Verwandlung in einen Koffer:<\/strong>Kleine, in den Anh\u00e4nger integrierte Rollen und ein Griff an der Vorderseite erleichtern den Transport des Anh\u00e4ngers w\u00e4hrend des Transports. Das 20&#8243;-Rad passt mit dem luftleeren Reifen in den Kofferraum, ebenso wie die Deichsel \u00fcber die &#8218;Radachse&#8216;.<\/p>\n<p><strong>Mehrere Optionen sind m\u00f6glich, um den Einsatzbereich des Anh\u00e4ngers zu erweitern: <\/strong><span style=\"color: var(--rz-text-color); font-family: var(--rz-font-family-primary);\">Dachtr\u00e4ger, um sperrige Gegenst\u00e4nde zu befestigen \/. <\/span><span style=\"color: var(--rz-text-color); font-family: var(--rz-font-family-primary);\">Ein Befestigungskit f\u00fcr die Installation eines neigbaren Solarmoduls (das komplette Kit wird zu einem sp\u00e4teren Zeitpunkt angeboten) \/ U<\/span><span style=\"color: var(--rz-text-color); font-family: var(--rz-font-family-primary);\">SolarMoov-Sicherheitsflagge <\/span><span style=\"color: var(--rz-text-color); font-family: var(--rz-font-family-primary);\">Weitere Optionen sind in der Entwicklung \ud83d\ude42<\/span><\/p>\n<p>Abmessungen ohne Deichsel: LxBxH: 1150x470x550mm.<\/p>\n<p>Gewicht: 9,7kg ohne Option mit Deichsel f\u00fcr Radachse \/ 11,5kg ohne Option mit Deichsel f\u00fcr Sattelst\u00fctze<\/p>\n<p><strong><a href=\"https:\/\/solarmoov.com\/wp-content\/uploads\/2023\/12\/Instructions-KERN.pdf\" target=\"_blank\" rel=\"noopener\">Download der Gebrauchs- und Montageanleitung<\/a><\/strong><\/p>\n<p>&nbsp;<\/p>\n","protected":false},"excerpt":{"rendered":"<p>Mehrzweckanh\u00e4nger, der f\u00fcr die meisten Radachsengr\u00f6\u00dfen und -typen im Fahrradbereich geeignet ist. Mit Schl\u00fcssel abschlie\u00dfbar (2 Schl\u00fcssel werden mitgeliefert). Zwei Arten von Fahrradbefestigungen sind m\u00f6glich (w\u00e4hlen Sie bei der Bestellung): Durch eine Deichsel, die an der Hinterradachse des Fahrrads befestigt wird. Die Standardbefestigung wird mit einem 5-mm-Durchsteckstift geliefert, der durch den originalen Standard-Schnellspannstift ersetzt werden [&hellip;]<\/p>\n","protected":false},"featured_media":17289,"template":"","meta":[],"product_brand":[],"product_cat":[124],"product_tag":[128],"class_list":{"0":"post-17122","1":"product","2":"type-product","3":"status-publish","4":"has-post-thumbnail","6":"product_cat-mehrzweckanhanger-kern","7":"product_tag-mehrzweckanhanger-kern","8":"product_shipping_class-1-kern-spediteur-db-schenker","10":"first","11":"instock","12":"taxable","13":"shipping-taxable","14":"purchasable","15":"product-type-variable","16":"has-default-attributes"},"yoast_head":"<!-- This site is optimized with the Yoast SEO plugin v27.3 - https:\/\/yoast.com\/product\/yoast-seo-wordpress\/ -->\n<title>Mehrzweck-Fahrradanh\u00e4nger Kern - SolarMoov<\/title>\n<meta name=\"robots\" content=\"index, follow, max-snippet:-1, max-image-preview:large, max-video-preview:-1\" \/>\n<link rel=\"canonical\" href=\"https:\/\/solarmoov.com\/de\/produkt\/mehrzweck-fahrradanhaenger-kern\" \/>\n<meta property=\"og:locale\" content=\"de_DE\" \/>\n<meta property=\"og:type\" content=\"article\" \/>\n<meta property=\"og:title\" content=\"Mehrzweck-Fahrradanh\u00e4nger Kern - SolarMoov\" \/>\n<meta property=\"og:description\" content=\"Mehrzweckanh\u00e4nger, der f\u00fcr die meisten Radachsengr\u00f6\u00dfen und -typen im Fahrradbereich geeignet ist. Mit Schl\u00fcssel abschlie\u00dfbar (2 Schl\u00fcssel werden mitgeliefert). Zwei Arten von Fahrradbefestigungen sind m\u00f6glich (w\u00e4hlen Sie bei der Bestellung): Durch eine Deichsel, die an der Hinterradachse des Fahrrads befestigt wird. Die Standardbefestigung wird mit einem 5-mm-Durchsteckstift geliefert, der durch den originalen Standard-Schnellspannstift ersetzt werden [&hellip;]\" \/>\n<meta property=\"og:url\" content=\"https:\/\/solarmoov.com\/de\/produkt\/mehrzweck-fahrradanhaenger-kern\" \/>\n<meta property=\"og:site_name\" content=\"SolarMoov\" \/>\n<meta property=\"article:publisher\" content=\"https:\/\/www.facebook.com\/Solarmoov\" \/>\n<meta property=\"article:modified_time\" content=\"2024-06-27T13:58:24+00:00\" \/>\n<meta property=\"og:image\" content=\"https:\/\/solarmoov.com\/wp-content\/uploads\/2023\/11\/packshot-Kern-Cayeux-.webp\" \/>\n\t<meta property=\"og:image:width\" content=\"1600\" \/>\n\t<meta property=\"og:image:height\" content=\"709\" \/>\n\t<meta property=\"og:image:type\" content=\"image\/webp\" \/>\n<meta name=\"twitter:card\" content=\"summary_large_image\" \/>\n<meta name=\"twitter:label1\" content=\"Gesch\u00e4tzte Lesezeit\" \/>\n\t<meta name=\"twitter:data1\" content=\"2\u00a0Minuten\" \/>\n<script type=\"application\/ld+json\" class=\"yoast-schema-graph\">{\"@context\":\"https:\\\/\\\/schema.org\",\"@graph\":[{\"@type\":\"WebPage\",\"@id\":\"https:\\\/\\\/solarmoov.com\\\/de\\\/produkt\\\/mehrzweck-fahrradanhaenger-kern\",\"url\":\"https:\\\/\\\/solarmoov.com\\\/de\\\/produkt\\\/mehrzweck-fahrradanhaenger-kern\",\"name\":\"Mehrzweck-Fahrradanh\u00e4nger Kern - SolarMoov\",\"isPartOf\":{\"@id\":\"https:\\\/\\\/solarmoov.com\\\/de#website\"},\"primaryImageOfPage\":{\"@id\":\"https:\\\/\\\/solarmoov.com\\\/de\\\/produkt\\\/mehrzweck-fahrradanhaenger-kern#primaryimage\"},\"image\":{\"@id\":\"https:\\\/\\\/solarmoov.com\\\/de\\\/produkt\\\/mehrzweck-fahrradanhaenger-kern#primaryimage\"},\"thumbnailUrl\":\"https:\\\/\\\/solarmoov.com\\\/wp-content\\\/uploads\\\/2023\\\/11\\\/packshot-Kern-Cayeux-.webp\",\"datePublished\":\"2023-10-17T06:28:21+00:00\",\"dateModified\":\"2024-06-27T13:58:24+00:00\",\"breadcrumb\":{\"@id\":\"https:\\\/\\\/solarmoov.com\\\/de\\\/produkt\\\/mehrzweck-fahrradanhaenger-kern#breadcrumb\"},\"inLanguage\":\"de\",\"potentialAction\":[{\"@type\":\"ReadAction\",\"target\":[\"https:\\\/\\\/solarmoov.com\\\/de\\\/produkt\\\/mehrzweck-fahrradanhaenger-kern\"]}]},{\"@type\":\"ImageObject\",\"inLanguage\":\"de\",\"@id\":\"https:\\\/\\\/solarmoov.com\\\/de\\\/produkt\\\/mehrzweck-fahrradanhaenger-kern#primaryimage\",\"url\":\"https:\\\/\\\/solarmoov.com\\\/wp-content\\\/uploads\\\/2023\\\/11\\\/packshot-Kern-Cayeux-.webp\",\"contentUrl\":\"https:\\\/\\\/solarmoov.com\\\/wp-content\\\/uploads\\\/2023\\\/11\\\/packshot-Kern-Cayeux-.webp\",\"width\":1600,\"height\":709,\"caption\":\"packshot\"},{\"@type\":\"BreadcrumbList\",\"@id\":\"https:\\\/\\\/solarmoov.com\\\/de\\\/produkt\\\/mehrzweck-fahrradanhaenger-kern#breadcrumb\",\"itemListElement\":[{\"@type\":\"ListItem\",\"position\":1,\"name\":\"Accueil\",\"item\":\"https:\\\/\\\/solarmoov.com\\\/de\\\/startseite\"},{\"@type\":\"ListItem\",\"position\":2,\"name\":\"BOUTIQUE\",\"item\":\"https:\\\/\\\/solarmoov.com\\\/de?page_id=17295\"},{\"@type\":\"ListItem\",\"position\":3,\"name\":\"Mehrzweck-Fahrradanh\u00e4nger Kern\"}]},{\"@type\":\"WebSite\",\"@id\":\"https:\\\/\\\/solarmoov.com\\\/de#website\",\"url\":\"https:\\\/\\\/solarmoov.com\\\/de\",\"name\":\"SolarMoov\",\"description\":\"Remorques pour v\u00e9los et cycles\",\"publisher\":{\"@id\":\"https:\\\/\\\/solarmoov.com\\\/de#organization\"},\"potentialAction\":[{\"@type\":\"SearchAction\",\"target\":{\"@type\":\"EntryPoint\",\"urlTemplate\":\"https:\\\/\\\/solarmoov.com\\\/de?s={search_term_string}\"},\"query-input\":{\"@type\":\"PropertyValueSpecification\",\"valueRequired\":true,\"valueName\":\"search_term_string\"}}],\"inLanguage\":\"de\"},{\"@type\":\"Organization\",\"@id\":\"https:\\\/\\\/solarmoov.com\\\/de#organization\",\"name\":\"SolarMoov\",\"url\":\"https:\\\/\\\/solarmoov.com\\\/de\",\"logo\":{\"@type\":\"ImageObject\",\"inLanguage\":\"de\",\"@id\":\"https:\\\/\\\/solarmoov.com\\\/de#\\\/schema\\\/logo\\\/image\\\/\",\"url\":\"https:\\\/\\\/solarmoov.com\\\/wp-content\\\/uploads\\\/2023\\\/05\\\/cropped-SIGNATURE-MAIL_icone-jaune-fond-vert.png\",\"contentUrl\":\"https:\\\/\\\/solarmoov.com\\\/wp-content\\\/uploads\\\/2023\\\/05\\\/cropped-SIGNATURE-MAIL_icone-jaune-fond-vert.png\",\"width\":512,\"height\":512,\"caption\":\"SolarMoov\"},\"image\":{\"@id\":\"https:\\\/\\\/solarmoov.com\\\/de#\\\/schema\\\/logo\\\/image\\\/\"},\"sameAs\":[\"https:\\\/\\\/www.facebook.com\\\/Solarmoov\",\"https:\\\/\\\/www.linkedin.com\\\/company\\\/86362551\"]}]}<\/script>\n<!-- \/ Yoast SEO plugin. -->","yoast_head_json":{"title":"Mehrzweck-Fahrradanh\u00e4nger Kern - SolarMoov","robots":{"index":"index","follow":"follow","max-snippet":"max-snippet:-1","max-image-preview":"max-image-preview:large","max-video-preview":"max-video-preview:-1"},"canonical":"https:\/\/solarmoov.com\/de\/produkt\/mehrzweck-fahrradanhaenger-kern","og_locale":"de_DE","og_type":"article","og_title":"Mehrzweck-Fahrradanh\u00e4nger Kern - SolarMoov","og_description":"Mehrzweckanh\u00e4nger, der f\u00fcr die meisten Radachsengr\u00f6\u00dfen und -typen im Fahrradbereich geeignet ist. Mit Schl\u00fcssel abschlie\u00dfbar (2 Schl\u00fcssel werden mitgeliefert). Zwei Arten von Fahrradbefestigungen sind m\u00f6glich (w\u00e4hlen Sie bei der Bestellung): Durch eine Deichsel, die an der Hinterradachse des Fahrrads befestigt wird. Die Standardbefestigung wird mit einem 5-mm-Durchsteckstift geliefert, der durch den originalen Standard-Schnellspannstift ersetzt werden [&hellip;]","og_url":"https:\/\/solarmoov.com\/de\/produkt\/mehrzweck-fahrradanhaenger-kern","og_site_name":"SolarMoov","article_publisher":"https:\/\/www.facebook.com\/Solarmoov","article_modified_time":"2024-06-27T13:58:24+00:00","og_image":[{"width":1600,"height":709,"url":"https:\/\/solarmoov.com\/wp-content\/uploads\/2023\/11\/packshot-Kern-Cayeux-.webp","type":"image\/webp"}],"twitter_card":"summary_large_image","twitter_misc":{"Gesch\u00e4tzte Lesezeit":"2\u00a0Minuten"},"schema":{"@context":"https:\/\/schema.org","@graph":[{"@type":"WebPage","@id":"https:\/\/solarmoov.com\/de\/produkt\/mehrzweck-fahrradanhaenger-kern","url":"https:\/\/solarmoov.com\/de\/produkt\/mehrzweck-fahrradanhaenger-kern","name":"Mehrzweck-Fahrradanh\u00e4nger Kern - SolarMoov","isPartOf":{"@id":"https:\/\/solarmoov.com\/de#website"},"primaryImageOfPage":{"@id":"https:\/\/solarmoov.com\/de\/produkt\/mehrzweck-fahrradanhaenger-kern#primaryimage"},"image":{"@id":"https:\/\/solarmoov.com\/de\/produkt\/mehrzweck-fahrradanhaenger-kern#primaryimage"},"thumbnailUrl":"https:\/\/solarmoov.com\/wp-content\/uploads\/2023\/11\/packshot-Kern-Cayeux-.webp","datePublished":"2023-10-17T06:28:21+00:00","dateModified":"2024-06-27T13:58:24+00:00","breadcrumb":{"@id":"https:\/\/solarmoov.com\/de\/produkt\/mehrzweck-fahrradanhaenger-kern#breadcrumb"},"inLanguage":"de","potentialAction":[{"@type":"ReadAction","target":["https:\/\/solarmoov.com\/de\/produkt\/mehrzweck-fahrradanhaenger-kern"]}]},{"@type":"ImageObject","inLanguage":"de","@id":"https:\/\/solarmoov.com\/de\/produkt\/mehrzweck-fahrradanhaenger-kern#primaryimage","url":"https:\/\/solarmoov.com\/wp-content\/uploads\/2023\/11\/packshot-Kern-Cayeux-.webp","contentUrl":"https:\/\/solarmoov.com\/wp-content\/uploads\/2023\/11\/packshot-Kern-Cayeux-.webp","width":1600,"height":709,"caption":"packshot"},{"@type":"BreadcrumbList","@id":"https:\/\/solarmoov.com\/de\/produkt\/mehrzweck-fahrradanhaenger-kern#breadcrumb","itemListElement":[{"@type":"ListItem","position":1,"name":"Accueil","item":"https:\/\/solarmoov.com\/de\/startseite"},{"@type":"ListItem","position":2,"name":"BOUTIQUE","item":"https:\/\/solarmoov.com\/de?page_id=17295"},{"@type":"ListItem","position":3,"name":"Mehrzweck-Fahrradanh\u00e4nger Kern"}]},{"@type":"WebSite","@id":"https:\/\/solarmoov.com\/de#website","url":"https:\/\/solarmoov.com\/de","name":"SolarMoov","description":"Remorques pour v\u00e9los et cycles","publisher":{"@id":"https:\/\/solarmoov.com\/de#organization"},"potentialAction":[{"@type":"SearchAction","target":{"@type":"EntryPoint","urlTemplate":"https:\/\/solarmoov.com\/de?s={search_term_string}"},"query-input":{"@type":"PropertyValueSpecification","valueRequired":true,"valueName":"search_term_string"}}],"inLanguage":"de"},{"@type":"Organization","@id":"https:\/\/solarmoov.com\/de#organization","name":"SolarMoov","url":"https:\/\/solarmoov.com\/de","logo":{"@type":"ImageObject","inLanguage":"de","@id":"https:\/\/solarmoov.com\/de#\/schema\/logo\/image\/","url":"https:\/\/solarmoov.com\/wp-content\/uploads\/2023\/05\/cropped-SIGNATURE-MAIL_icone-jaune-fond-vert.png","contentUrl":"https:\/\/solarmoov.com\/wp-content\/uploads\/2023\/05\/cropped-SIGNATURE-MAIL_icone-jaune-fond-vert.png","width":512,"height":512,"caption":"SolarMoov"},"image":{"@id":"https:\/\/solarmoov.com\/de#\/schema\/logo\/image\/"},"sameAs":["https:\/\/www.facebook.com\/Solarmoov","https:\/\/www.linkedin.com\/company\/86362551"]}]}},"_links":{"self":[{"href":"https:\/\/solarmoov.com\/de\/wp-json\/wp\/v2\/product\/17122","targetHints":{"allow":["GET"]}}],"collection":[{"href":"https:\/\/solarmoov.com\/de\/wp-json\/wp\/v2\/product"}],"about":[{"href":"https:\/\/solarmoov.com\/de\/wp-json\/wp\/v2\/types\/product"}],"wp:featuredmedia":[{"embeddable":true,"href":"https:\/\/solarmoov.com\/de\/wp-json\/wp\/v2\/media\/17289"}],"wp:attachment":[{"href":"https:\/\/solarmoov.com\/de\/wp-json\/wp\/v2\/media?parent=17122"}],"wp:term":[{"taxonomy":"product_brand","embeddable":true,"href":"https:\/\/solarmoov.com\/de\/wp-json\/wp\/v2\/product_brand?post=17122"},{"taxonomy":"product_cat","embeddable":true,"href":"https:\/\/solarmoov.com\/de\/wp-json\/wp\/v2\/product_cat?post=17122"},{"taxonomy":"product_tag","embeddable":true,"href":"https:\/\/solarmoov.com\/de\/wp-json\/wp\/v2\/product_tag?post=17122"}],"curies":[{"name":"wp","href":"https:\/\/api.w.org\/{rel}","templated":true}]}}